{"id":4680,"date":"2024-03-10T03:52:44","date_gmt":"2024-03-10T03:52:44","guid":{"rendered":"http:\/\/geometrik.local\/politica-de-privacidade-e-cookies\/"},"modified":"2024-04-11T17:01:27","modified_gmt":"2024-04-11T16:01:27","slug":"politica-privacidad","status":"publish","type":"page","link":"https:\/\/geometriktarget.com\/es\/politica-privacidad\/","title":{"rendered":"Pol\u00edtica de Privacidad"},"content":{"rendered":"\n<div class=\"wp-block-group has-global-padding is-layout-constrained wp-container-core-group-is-layout-0ac99041 wp-block-group-is-layout-constrained\" style=\"padding-top:var(--wp--preset--spacing--60);padding-right:var(--wp--preset--spacing--30);padding-bottom:var(--wp--preset--spacing--60);padding-left:var(--wp--preset--spacing--30)\">\n<div class=\"wp-block-group has-global-padding is-layout-constrained wp-block-group-is-layout-constrained\">\n<h1 class=\"wp-block-heading has-text-align-center\">Pol\u00edtica de Privacidad<\/h1>\n\n\n\n<hr class=\"wp-block-separator has-alpha-channel-opacity is-style-separator-geometrik-left\"\/>\n\n\n\n<h2 class=\"wp-block-heading\">Informaci\u00f3n general<\/h2>\n\n\n\n<h3 class=\"wp-block-heading\">A. Responsable del tratamiento<\/h3>\n\n\n\n<p>Geometriktarget \u2013 Lda, en adelante designada \u00abGeometrik\u00bb es el responsable del tratamiento de sus datos personales.<\/p>\n\n\n\n<p>Para cualquier cuesti\u00f3n relacionada con tus datos personales y su tratamiento, puedes ponerte en contacto a trav\u00e9s de las siguientes v\u00edas:<\/p>\n\n\n\n<p><strong>Direcci\u00f3n<\/strong>: Rua Fam\u00edlia Malaquias, Lote 2, 3880-327 Ovar<br><strong>Email<\/strong>: info@geometriktarget.com<br><strong>Tel\u00e9fono<\/strong>: (+351) 256 333 180<\/p>\n\n\n\n<p>GEOMETRIKTARGET garantiza a los visitantes de este sitio web (\u00abUsuario\u00bb o \u00abUsuarios\u00bb) el respeto de su privacidad. La visita a este sitio web no implica por s\u00ed sola el registro, de forma autom\u00e1tica, de ning\u00fan dato personal que identifique al Usuario. No obstante, el uso de determinadas funcionalidades podr\u00e1 implicar la entrega de datos personales por parte de los Usuarios. La presente Pol\u00edtica de Privacidad forma parte integrante de los T\u00e9rminos de Uso del sitio web y regula la recogida y el tratamiento de los datos personales aportados por los Usuarios en el contexto del sitio web, as\u00ed como el ejercicio de sus derechos en relaci\u00f3n a estos datos, en los t\u00e9rminos de la Ley de Protecci\u00f3n de Datos Personales en vigor.<\/p>\n\n\n\n<h3 class=\"wp-block-heading\">B. C\u00f3mo protegemos sus datos<\/h3>\n\n\n\n<p>Geometrik recurre a diversas medidas para proteger tus datos personales, manteniendo su seguridad, integridad y disponibilidad. No obstante, cuando nos transmitas tus datos a trav\u00e9s de correo electr\u00f3nico, internet o nuestro sitio web, no podemos garantizar la total seguridad contra intrusiones.&nbsp;<br><br>En todo caso, tanto nosotros como nuestros proveedores, clientes y prestadores de servicios nos esforzamos por implementar, mantener y actualizar las medidas de seguridad f\u00edsica, electr\u00f3nica y procedimental, con la intenci\u00f3n de proteger tus datos.<\/p>\n\n\n\n<p>Entre otras, contamos con: restricci\u00f3n de acceso a tus datos, herramientas de encriptaci\u00f3n, cifrado o equivalentes; firewall, antivirus y asistencia inform\u00e1tica; monitorizaci\u00f3n.<\/p>\n\n\n\n<h3 class=\"wp-block-heading\">C. Ponte en contacto con nosotros, tus derechos y el derecho a reclamar ante la entidad de control<\/h3>\n\n\n\n<p>Siempre que surja alguna cuesti\u00f3n relacionada con tus datos, podr\u00e1s ponerte en contacto con nosotros, a trav\u00e9s de las v\u00edas ya indicadas.<\/p>\n\n\n\n<p>Dentro de determinadas condiciones, podr\u00e1s tener derecho a solicitarnos:<\/p>\n\n\n\n<ol class=\"wp-block-list\" style=\"list-style-type:upper-roman\">\n<li>informaci\u00f3n adicional sobre el uso que hacemos de tus datos personales;<\/li>\n\n\n\n<li>una copia de los datos personales que nos has facilitado;<\/li>\n\n\n\n<li>que facilitemos los datos personales a otro responsable del tratamiento a petici\u00f3n suya;<\/li>\n\n\n\n<li>que actualicemos cualesquiera incorrecciones en los datos personales que conservamos;<\/li>\n\n\n\n<li>que borremos los datos personales cuyo uso ha dejado de ser leg\u00edtimo, incluida la retirada del consentimiento;<\/li>\n\n\n\n<li>rechazar que se tomen decisiones que te afecten con base en el tratamiento automatizado de tus datos personales;<\/li>\n\n\n\n<li>limitamos la forma en que utilizamos tus datos personales hasta que se investigue la reclamaci\u00f3n presentada.<\/li>\n<\/ol>\n\n\n\n<p>El ejercicio de estos derechos est\u00e1 sujeto a determinadas excepciones destinadas a la salvaguarda del inter\u00e9s p\u00fablico (prevenci\u00f3n o detecci\u00f3n de cr\u00edmenes) o de nuestro inter\u00e9s (mantenimiento del secreto profesional).<\/p>\n\n\n\n<p>Estos derechos deben utilizarse de forma razonable. En caso de que el ejercicio de estos derechos, ya sea por reiteraci\u00f3n o por cualquier otro motivo, no resulte razonable, Geometrik podr\u00e1 cobrarte tasas administrativas o rechazar tu pedido con base en este motivo.<\/p>\n\n\n\n<p>En caso de que ejerza alguno de estos derechos, procederemos a su an\u00e1lisis y responderemos, en la medida de lo posible, dentro de 1 (un) mes.<\/p>\n\n\n\n<p>Si no est\u00e1s satisfecho con el uso que hacemos de tus datos personales o con nuestra respuesta tras el ejercicio de alguno de estos derechos, tienes derecho a presentar una reclamaci\u00f3n en la&nbsp; Comisi\u00f3n Nacional de Protecci\u00f3n de Datos| Av. D. Carlos I, 134 \u2013 1.\u00ba 1200-651 Lisboa | Tel: 351 213928400 | Fax: +351 213976832 | e-mail: <a href=\"mailto:geral@cnpd.pt\"><u>geral@cnpd.pt<\/u><\/a>.<\/p>\n\n\n\n<h3 class=\"wp-block-heading\">D. Modificaciones a la pol\u00edtica de privacidad<\/h3>\n\n\n\n<p>GEOMETRIKTARGET se reserva el derecho de, en todo momento, sin aviso previo y con efectos inmediatos, modificar, a\u00f1adir o retirar, parcial o totalmente, la presente Pol\u00edtica de Privacidad. Cualesquiera modificaciones se divulgar\u00e1n de forma inmediata en esta misma p\u00e1gina online, por lo que aconsejamos la consulta regular de esta p\u00e1gina para mantenerse actualizado<\/p>\n\n\n\n<h2 class=\"wp-block-heading\">Informaciones espec\u00edficas<\/h2>\n\n\n\n<h3 class=\"wp-block-heading\">A. Clientes y proveedores<\/h3>\n\n\n\n<h4 class=\"wp-block-heading\">Cu\u00e1les son los datos que tratamos y por qu\u00e9 los recopilamos<\/h4>\n\n\n\n<p>Siempre que celebremos contratos, solicitemos o se nos soliciten presupuestos o, por cualquier otra forma, iniciemos diligencias que tengan como objetivo la celebraci\u00f3n de un contrato, podremos tratar los siguientes datos:<\/p>\n\n\n\n<p>I. Datos de identificaci\u00f3n<br>Podremos tratar los siguientes datos: Nombre; NIF; espacio fiscal; r\u00e9gimen de IVA; N.\u00ba de identificaci\u00f3n fiscal del pa\u00eds de origen; direcci\u00f3n. Estos datos se destinan al cumplimiento de las obligaciones legales, entre ellas, obligaciones de naturaleza fiscal, la emisi\u00f3n de las facturas y recibos correspondientes, as\u00ed como la formalizaci\u00f3n y ejecuci\u00f3n de cada uno de los contratos y\/o presupuestos.<\/p>\n\n\n\n<p>II. Contactos<br>Podremos tratar los siguientes datos: n\u00famero de tel\u00e9fono, tel\u00e9fono m\u00f3vil y direcci\u00f3n de correo electr\u00f3nico.<\/p>\n\n\n\n<p>Estos datos son necesarios para el env\u00edo de los presupuestos, para confirmar pedidos y\/o el env\u00edo de mercanc\u00edas, para ponernos en contacto cuando los productos est\u00e9n disponibles para tu recogida, para contacto para el pago y para comunicarnos contigo, por lo que los recogeremos para la ejecuci\u00f3n de cada uno de los contratos o env\u00edo de informaciones precontractuales y en el inter\u00e9s de ambas partes.<\/p>\n\n\n\n<p>III. Datos para la entrega<br>Estos datos podr\u00e1n coincidir o no con los datos de identificaci\u00f3n, de acuerdo con la opci\u00f3n del cliente. Podr\u00e1n recogerse, entre otros, los siguientes datos: Direcci\u00f3n de entrega; datos de la persona a quien se debe dirigir el pedido. Estos datos son necesarios para la ejecuci\u00f3n contractual.<\/p>\n\n\n\n<p>IV. Historial del cliente\/proveedor<br>Tus pedidos, los contratos que realices con nosotros, los productos que nos hayas adquirido o vendido, los valores de estos, tus facturas y recibos, as\u00ed como tus reclamaciones son importantes tanto para ti como para nosotros. Estos datos son necesarios para el cumplimiento de obligaciones legales y para la ejecuci\u00f3n de contratos y gesti\u00f3n y evaluaci\u00f3n de la relaci\u00f3n contractual.<\/p>\n\n\n\n<p>V. Datos de pago<br>Siempre que celebremos un contrato, podremos tratar tus datos personales, relativos a la forma de pago. Entre estos podr\u00e1n incluirse los datos relativos a las cuentas que utilices para efectuar el pago, como puede ser el IBAN y el nombre del banco, SWIFT u otros equivalentes asociados a la tarjeta de cr\u00e9dito\/d\u00e9bito u otros relevantes para el pago y tu identificaci\u00f3n. Estos datos son necesarios para la ejecuci\u00f3n contractual.<\/p>\n\n\n\n<h4 class=\"wp-block-heading\">Cu\u00e1les son los fundamentos<\/h4>\n\n\n\n<p>El tratamiento de estos datos encuentra fundamento en la preparaci\u00f3n, formalizaci\u00f3n y ejecuci\u00f3n contractual, as\u00ed como en el cumplimiento de obligaciones legales. Eventualmente podr\u00e1n adem\u00e1s fundamentarse en intereses leg\u00edtimos.<\/p>\n\n\n\n<h4 class=\"wp-block-heading\">Durante cu\u00e1nto tiempo conservamos tus datos<\/h4>\n\n\n\n<p>Los datos se conservar\u00e1n durante el periodo necesario para la finalidad subyacente, o mientras el tratamiento sea admisible, siempre que se verifique primero.<\/p>\n\n\n\n<p>Esta es una determinaci\u00f3n caso a caso que depende de factores como la naturaleza de los datos, el motivo por el que se recogen y tratan y las necesidades de conservaci\u00f3n operativas o legales relevantes.<\/p>\n\n\n\n<p>As\u00ed por ejemplo:<\/p>\n\n\n\n<ul class=\"wp-block-list\">\n<li>a efectos de demostraci\u00f3n del cumplimiento de obligaciones fiscales, los datos se podr\u00e1n conservar durante 12 a\u00f1os;<\/li>\n\n\n\n<li>a efectos de demostraci\u00f3n del cumplimiento o incumplimiento de obligaciones contractuales, los datos se podr\u00e1n conservar durante 21 (veinti\u00fan) a\u00f1os;<\/li>\n\n\n\n<li>los plazos de conservaci\u00f3n referidos anteriormente se podr\u00e1n prolongar por motivo de acci\u00f3n judicial, hasta seis meses tras la transferencia de los datos a las instituciones judiciales o el transcurso en juzgado de la sentencia.<\/li>\n<\/ul>\n\n\n\n<p>Transcurrido el plazo, tus datos se anonimizar\u00e1n o se destruir\u00e1n de forma segura.<\/p>\n\n\n\n<h4 class=\"wp-block-heading\">Con qui\u00e9n podemos compartir tus datos<\/h4>\n\n\n\n<p>Tus datos podr\u00e1n ser tratados en subcontrataci\u00f3n y podr\u00e1n tener que ser comunicados a entidades terceras, en la estricta medida de sus finalidades y para el cumplimiento de las obligaciones legales del responsable del tratamiento.<\/p>\n\n\n\n<p>De esta forma, los datos personales se podr\u00e1n compartir, entre otros, con las siguientes entidades:<\/p>\n\n\n\n<ol class=\"wp-block-list\" style=\"list-style-type:upper-roman\">\n<li>asesores jur\u00eddicos\/abogados;<\/li>\n\n\n\n<li>empresas de transporte\/entidades que procedan al transporte y env\u00edo de productos\/pedidos;<\/li>\n\n\n\n<li>contables\/revisores oficiales de cuentas;<\/li>\n\n\n\n<li>asesores inform\u00e1ticos;<\/li>\n\n\n\n<li>instituciones financieras y bancarias que gestionan las cuentas destinadas a nuestros pagos\/ingresos;<\/li>\n\n\n\n<li>Autoridad Tributaria;<\/li>\n\n\n\n<li>agentes de ejecuci\u00f3n;<\/li>\n\n\n\n<li>entidades a las que se les deban comunicar los datos por disposici\u00f3n legal o a pedido del titular de los datos.<\/li>\n<\/ol>\n\n\n\n<p>Geometrik exigir\u00e1 que sus subcontratantes asuman estar en conformidad con las obligaciones de confidencialidad de forma consistente con esta Pol\u00edtica de Datos y con los acuerdos que con ellos se establezcan.<\/p>\n\n\n\n<h3 class=\"wp-block-heading\">B. Formularios de contactos, newsletter, publicidad y marketing directo &nbsp;<\/h3>\n\n\n\n<h4 class=\"wp-block-heading\">Cu\u00e1les son los datos que tratamos<\/h4>\n\n\n\n<p>En este caso, podremos tratar los siguientes datos: nombre; contactos telef\u00f3nicos y de tel\u00e9fono m\u00f3vil; direcci\u00f3n de email; empresa\/entidad empleadora; historial y preferencias del cliente; posibles informaciones adicionales que incluya en los campos \u00abAsunto\u00bb y \u00abMensaje\u00bb.<\/p>\n\n\n\n<h4 class=\"wp-block-heading\">Informaci\u00f3n sobre consentimiento libre y opcional<\/h4>\n\n\n\n<p>En los formularios de contacto del sitio web y en el formulario para el env\u00edo de la newsletter, al marcar la casilla relativa al consentimiento del tratamiento de datos personales, el usuario consiente y autoriza la utilizaci\u00f3n, para fines de publicidad colectiva o personalizada, de estudios de mercado, de organizaci\u00f3n de nuestro proceso comercial y de personalizaci\u00f3n de nuestro sitio web, el tratamiento de los datos de utilizaci\u00f3n personalizados (tales como el n\u00famero de veces que se accedi\u00f3 al sitio web y durante cu\u00e1nto tiempo), as\u00ed como otros datos personales que hayamos recogido o que vayamos a recibir sobre el usuario, en el \u00e1mbito de nuestra relaci\u00f3n comercial, para la implementaci\u00f3n, ejecuci\u00f3n o cese de relaciones comerciales.<\/p>\n\n\n\n<p>Si nos proporcionas el consentimiento referido anteriormente, utilizaremos los datos (incluidos datos personales) para marketing directo, con el objetivo de enviarte, por ejemplo, informaci\u00f3n sobre servicios o campa\u00f1as de marketing que te podr\u00e1n interesar personalmente.<\/p>\n\n\n\n<h4 class=\"wp-block-heading\">Cu\u00e1les son los fundamentos y finalidades<\/h4>\n\n\n\n<p>El tratamiento de datos que se autoriza en la presente declaraci\u00f3n se fundamenta en tu consentimiento, que podr\u00e1s retirar en cualquier momento. Para ello, deber\u00e1s remitirnos una declaraci\u00f3n escrita en este sentido, a trav\u00e9s del contacto ya indicado.<\/p>\n\n\n\n<p>El tratamiento de datos que se autoriza por la presente declaraci\u00f3n se destina a: responder a tus contactos y mensajes, incorporarte a nuestra base de datos, crear tu ficha de cliente individual y para la preparaci\u00f3n y env\u00edo de comunicaciones relativas a nuestros productos, servicios y eventos. De este modo, estamos comprometidos a prestar un servicio cercano y adecuado a tus intereses, as\u00ed como a mejorar nuestros productos y servicios.<\/p>\n\n\n\n<p>No obstante, en el caso de que nos solicites presupuestos o celebremos un contrato, el fundamento y la finalidad del tratamiento no ser\u00e1 tu consentimiento; asimismo, se recoger\u00e1n con finalidades y fundamentos intr\u00ednsecamente ligados a actividades precontractuales, formalizaci\u00f3n, ejecuci\u00f3n, gesti\u00f3n y evaluaci\u00f3n contractuales. Para acceder a nuestra Pol\u00edtica de Privacidad aplicable en estos casos, consulta la opci\u00f3n \u00abClientes y proveedores\u00bb.<\/p>\n\n\n\n<h4 class=\"wp-block-heading\">Durante cu\u00e1nto tiempo conservamos sus datos<\/h4>\n\n\n\n<p>Tus datos se conservar\u00e1n durante un periodo de 5 (cinco) a\u00f1os, o hasta que retires tu consentimiento, si esto ocurriese con anterioridad.<br><br>No obstante, en caso de que se nos soliciten presupuestos o se celebren contratos, tus datos se conservar\u00e1n durante el tiempo necesario para el fin contractual subyacente, o mientras el tratamiento sea admisible, si esto ocurriese con anterioridad. Esta es una determinaci\u00f3n caso a caso que depende de factores como la naturaleza de los datos, el motivo por el que se recogen y tratan y las necesidades de conservaci\u00f3n operativas o legales relevantes.<\/p>\n\n\n\n<p>Los plazos de conservaci\u00f3n referidos se podr\u00e1n prolongar por motivo de acci\u00f3n judicial, hasta seis meses tras la transferencia de los datos a las instituciones judiciales o el transcurso en juzgado de la sentencia.<\/p>\n\n\n\n<p>Transcurrido el plazo, tus datos se anonimizar\u00e1n o se destruir\u00e1n de forma segura.<\/p>\n\n\n\n<h4 class=\"wp-block-heading\">Con qui\u00e9n podemos compartir tus datos<\/h4>\n\n\n\n<p>Los datos personales cuya autorizaci\u00f3n se presta aqu\u00ed no se compartir\u00e1n, como regla general, con terceros.<\/p>\n\n\n\n<p>No obstante, en el caso de que se nos soliciten presupuestos o celebremos contratos contigo, tus datos podr\u00e1n ser compartidos con terceros y\/o subcontratas. Para informaci\u00f3n detallada sobre este aspecto, consulta la Pol\u00edtica de privacidad aplicable seleccionando la opci\u00f3n \u00abClientes y proveedores\u00bb.<\/p>\n\n\n\n<p>Excepcionalmente, podremos tambi\u00e9n compartir informaci\u00f3n con las autoridades o en respuesta a peticiones legales, en estricto cumplimiento de lo dispuesto en la ley.<\/p>\n\n\n\n<h4 class=\"wp-block-heading\">En el caso de celebrar contrato con usted o que se nos soliciten presupuestos<\/h4>\n\n\n\n<p>En el caso de celebrar contrato de trabajo contigo, podremos tener necesidad de tratar otros datos personales. En esta situaci\u00f3n, deber\u00e1s consultar nuestra pol\u00edtica de privacidad aplicable, seleccionando la opci\u00f3n \u00abclientes y proveedores\u00bb.<\/p>\n\n\n\n<h3 class=\"wp-block-heading\">C. Cookies<\/h3>\n\n\n\n<h4 class=\"wp-block-heading\">\u00bfQu\u00e9 son las cookies y para qu\u00e9 sirven?<\/h4>\n\n\n\n<p>Geometrik utiliza sistemas autom\u00e1ticos de recogida de datos como cookies. Una cookie es un dispositivo transmitido al disco duro de un usuario de internet. Aunque las cookies no contienen informaci\u00f3n inteligible, nos permiten vincular un usuario de internet a sus informaciones personales. &nbsp;<\/p>\n\n\n\n<p>Las cookies son difundidas por nuestros servidores y nadie puede tener acceso a las informaciones contenidas en ellas. Solo Geometrik tiene acceso a las informaciones recogidas por las cookies, de forma colectiva y an\u00f3nima, a fin de optimizar sus servicios y los de este sitio web para las necesidades y preferencias del usuario y para que la preparaci\u00f3n de las p\u00e1ginas web sea personalizada.<\/p>\n\n\n\n<p>La aceptaci\u00f3n de nuestros procedimientos autom\u00e1ticos de recogida de datos y el uso de cookies es necesaria para aprovechar al m\u00e1ximo los recursos y servicios ofrecidos a trav\u00e9s de este sitio web. Si configuras tu navegador para bloquear o borrar cookies, no podemos garantizar que tengas acceso a todos los recursos y servicios ofrecidos a trav\u00e9s de este sitio web.<\/p>\n\n\n\n<h4 class=\"wp-block-heading\">\u00bfQu\u00e9 tipo de cookies utilizamos?<\/h4>\n\n\n\n<h5 class=\"wp-block-heading\">Cookies esenciales:<\/h5>\n\n\n\n<p>Estas cookies est\u00e1n relacionadas con el funcionamiento t\u00e9cnico del sitio web.<\/p>\n\n\n\n<p>En el caso de Geometrik, el sitio web guardar\u00e1 las siguientes informaciones: idioma seleccionado por el usuario; direcci\u00f3n IP; navegador de internet utilizado (Google Chrome, Firefox, Safari, etc.), y dispositivos de acceso (ordenador, tel\u00e9fono m\u00f3vil, tablet, etc.).<\/p>\n\n\n\n<h5 class=\"wp-block-heading\">Cookies de an\u00e1lisis:<\/h5>\n\n\n\n<p>Nos permiten recoger datos (a trav\u00e9s de Google Analytics) relacionados con la navegaci\u00f3n y el comportamiento del usuario.<\/p>\n\n\n\n<p>En el caso de Geometrik, el sitio web guardar\u00e1 las siguientes informaciones: regi\u00f3n del usuario; tiempo de navegaci\u00f3n total y en cada p\u00e1gina; p\u00e1ginas m\u00e1s visitadas, y d\u00eda y momento del d\u00eda en que el usuario visita el sitio web.<\/p>\n\n\n\n<h4 class=\"wp-block-heading\">\u00bfC\u00f3mo desactiva el uso de cookies?<\/h4>\n\n\n\n<p>A pesar de que el uso de cookies mejora significativamente la experiencia de uso y est\u00e1 recomendada, el usuario puede optar por desactivarlas. Debe seguir las instrucciones proporcionadas por el navegador de internet de su elecci\u00f3n, generalmente localizadas en \u00abDefiniciones\u00bb o \u00abPreferencias\u00bb.<\/p>\n\n\n\n<p>A continuaci\u00f3n, indicamos los enlaces de ayuda de algunos de los navegadores de internet m\u00e1s utilizados:<\/p>\n\n\n\n<p>Microsoft Edge<br><a href=\"https:\/\/support.microsoft.com\/pt-pt\/help\/4468242\/microsoft-edge-browsing-data-and-privacy-microsoft-privacy\" target=\"_blank\" rel=\"noopener\">https:\/\/support.microsoft.com\/pt-pt\/help\/4468242\/microsoft-edge-browsing-data-and-privacy-microsoft-privacy<\/a><\/p>\n\n\n\n<p>Microsoft Internet Explorer<br><a href=\"https:\/\/support.microsoft.com\/pt-pt\/help\/278835\/how-to-delete-cookie-files-in-internet-explorer\" target=\"_blank\" rel=\"noopener\">https:\/\/support.microsoft.com\/pt-pt\/help\/278835\/how-to-delete-cookie-files-in-internet-explorer<\/a><\/p>\n\n\n\n<p>Mozilla Firefox<br><a href=\"https:\/\/support.mozilla.org\/pt-PT\/kb\/ativar-desativar-cookies-websites-utilizam-monitorizar-preferencias\" target=\"_blank\" rel=\"noopener\">https:\/\/support.mozilla.org\/pt-PT\/kb\/ativar-desativar-cookies-websites-utilizam-monitorizar-preferencias<\/a><\/p>\n\n\n\n<p>Google Chrome<br><a href=\"https:\/\/support.google.com\/chrome\/answer\/95647\" target=\"_blank\" rel=\"noopener\">https:\/\/support.google.com\/chrome\/answer\/95647<\/a><\/p>\n\n\n\n<p>Apple Safari<br><a href=\"https:\/\/support.apple.com\/pt-pt\/HT201265\" target=\"_blank\" rel=\"noopener\">https:\/\/support.apple.com\/pt-pt\/HT201265<\/a><\/p>\n\n\n\n<p>Opera<br><a href=\"https:\/\/www.opera.com\/help\/tutorials\/security\/privacy\/\" target=\"_blank\" rel=\"noopener\">https:\/\/www.opera.com\/help\/tutorials\/security\/privacy\/<\/a><\/p>\n<\/div>\n<\/div>\n","protected":false},"excerpt":{"rendered":"<p>Pol\u00edtica de Privacidad Informaci\u00f3n general A. Responsable del tratamiento Geometriktarget \u2013 Lda, en adelante designada \u00abGeometrik\u00bb es el responsable del tratamiento de sus datos personales. Para cualquier cuesti\u00f3n relacionada con tus datos personales y su tratamiento, puedes ponerte en contacto a trav\u00e9s de las siguientes v\u00edas: Direcci\u00f3n: Rua Fam\u00edlia Malaquias, Lote 2, 3880-327 OvarEmail: info@geometriktarget.comTel\u00e9fono: [&hellip;]<\/p>\n","protected":false},"author":1,"featured_media":0,"parent":0,"menu_order":40,"comment_status":"closed","ping_status":"closed","template":"","meta":{"_acf_changed":false,"footnotes":""},"class_list":["post-4680","page","type-page","status-publish","hentry"],"acf":[],"_links":{"self":[{"href":"https:\/\/geometriktarget.com\/es\/wp-json\/wp\/v2\/pages\/4680","targetHints":{"allow":["GET"]}}],"collection":[{"href":"https:\/\/geometriktarget.com\/es\/wp-json\/wp\/v2\/pages"}],"about":[{"href":"https:\/\/geometriktarget.com\/es\/wp-json\/wp\/v2\/types\/page"}],"author":[{"embeddable":true,"href":"https:\/\/geometriktarget.com\/es\/wp-json\/wp\/v2\/users\/1"}],"replies":[{"embeddable":true,"href":"https:\/\/geometriktarget.com\/es\/wp-json\/wp\/v2\/comments?post=4680"}],"version-history":[{"count":1,"href":"https:\/\/geometriktarget.com\/es\/wp-json\/wp\/v2\/pages\/4680\/revisions"}],"predecessor-version":[{"id":4688,"href":"https:\/\/geometriktarget.com\/es\/wp-json\/wp\/v2\/pages\/4680\/revisions\/4688"}],"wp:attachment":[{"href":"https:\/\/geometriktarget.com\/es\/wp-json\/wp\/v2\/media?parent=4680"}],"curies":[{"name":"wp","href":"https:\/\/api.w.org\/{rel}","templated":true}]}}